{"id":24487,"date":"2025-11-28T04:31:45","date_gmt":"2025-11-28T04:31:45","guid":{"rendered":"https:\/\/sosvirtual.aldeasinfantilessos.org\/cursos-items\/ruta-de-induccion-general-aldeas-infantiles-sos-argentina\/"},"modified":"2025-12-15T18:37:35","modified_gmt":"2025-12-15T18:37:35","slug":"ruta-de-induccion-general-aldeas-infantiles-sos-argentina","status":"publish","type":"avada_portfolio","link":"https:\/\/sosvirtual.aldeasinfantilessos.org\/es\/cursos-items\/ruta-de-induccion-general-aldeas-infantiles-sos-argentina\/","title":{"rendered":"Ruta de Inducci\u00f3n General &#8211; Aldeas Infantiles SOS Argentina"},"content":{"rendered":"<p><div class=\"fusion-fullwidth fullwidth-box fusion-builder-row-1 fusion-flex-container fusion-parallax-none hundred-percent-fullwidth non-hundred-percent-height-scrolling\" style=\"--awb-border-radius-top-left:0px;--awb-border-radius-top-right:0px;--awb-border-radius-bottom-right:0px;--awb-border-radius-bottom-left:0px;--awb-min-height:700px;--awb-background-image:url(&quot;https:\/\/sosvirtual.aldeasinfantilessos.org\/wp-content\/uploads\/2021\/09\/aldeas-infantiles.png&quot;);--awb-background-size:cover;--awb-flex-wrap:wrap;\" ><div class=\"fusion-builder-row fusion-row fusion-flex-align-items-center fusion-flex-align-content-center fusion-flex-justify-content-center fusion-flex-content-wrap\" style=\"width:104% !important;max-width:104% !important;margin-left: calc(-4% \/ 2 );margin-right: calc(-4% \/ 2 );\"><div class=\"fusion-layout-column fusion_builder_column fusion-builder-column-0 fusion_builder_column_2_5 2_5 fusion-flex-column fusion-flex-align-self-center\" style=\"--awb-bg-size:cover;--awb-width-large:40%;--awb-margin-top-large:0px;--awb-spacing-right-large:4.8%;--awb-margin-bottom-large:20px;--awb-spacing-left-large:4.8%;--awb-width-medium:100%;--awb-order-medium:0;--awb-spacing-right-medium:1.92%;--awb-spacing-left-medium:1.92%;--awb-width-small:100%;--awb-order-small:0;--awb-spacing-right-small:1.92%;--awb-spacing-left-small:1.92%;\"><div class=\"fusion-column-wrapper fusion-column-has-shadow fusion-flex-justify-content-center fusion-content-layout-column\"><div class=\"fusion-separator fusion-full-width-sep\" style=\"align-self: center;margin-left: auto;margin-right: auto;margin-top:5px;margin-bottom:20px;width:100%;\"><\/div><div class=\"fusion-title title fusion-title-1 fusion-sep-none fusion-title-center fusion-title-text fusion-title-size-one\" style=\"--awb-text-color:#ffffff;\"><h1 class=\"fusion-title-heading title-heading-center\" style=\"font-family:Arial, Helvetica, sans-serif;font-style:normal;font-weight:700;margin:0;\">Ruta de Inducci\u00f3n General &#8211; Aldeas Infantiles SOS Argentina<\/h1><\/div><div class=\"fusion-separator fusion-full-width-sep\" style=\"align-self: center;margin-left: auto;margin-right: auto;margin-top:5px;margin-bottom:20px;width:100%;\"><\/div><div class=\"fusion-title title fusion-title-2 fusion-sep-none fusion-title-center fusion-title-text fusion-title-size-four\" style=\"--awb-text-color:#ffffff;\"><h4 class=\"fusion-title-heading title-heading-center\" style=\"font-family:Arial, Helvetica, sans-serif;font-style:normal;font-weight:400;margin:0;\">MOOC (a tu propio ritmo)<\/h4><\/div><div class=\"fusion-separator fusion-full-width-sep\" style=\"align-self: center;margin-left: auto;margin-right: auto;margin-top:5px;margin-bottom:20px;width:100%;\"><\/div><\/div><\/div><\/div><\/div><div class=\"fusion-fullwidth fullwidth-box fusion-builder-row-2 fusion-flex-container hundred-percent-fullwidth non-hundred-percent-height-scrolling\" style=\"--awb-border-radius-top-left:0px;--awb-border-radius-top-right:0px;--awb-border-radius-bottom-right:0px;--awb-border-radius-bottom-left:0px;--awb-padding-top:40px;--awb-padding-bottom:80px;--awb-background-color:rgba(255,255,255,0);--awb-flex-wrap:wrap;\" ><div class=\"fusion-builder-row fusion-row fusion-flex-align-items-flex-start fusion-flex-content-wrap\" style=\"width:104% !important;max-width:104% !important;margin-left: calc(-4% \/ 2 );margin-right: calc(-4% \/ 2 );\"><div class=\"fusion-layout-column fusion_builder_column fusion-builder-column-1 fusion_builder_column_2_3 2_3 fusion-flex-column\" style=\"--awb-bg-size:cover;--awb-width-large:66.666666666667%;--awb-margin-top-large:0px;--awb-spacing-right-large:2.88%;--awb-margin-bottom-large:20px;--awb-spacing-left-large:2.88%;--awb-width-medium:100%;--awb-spacing-right-medium:1.92%;--awb-spacing-left-medium:1.92%;--awb-width-small:100%;--awb-spacing-right-small:1.92%;--awb-spacing-left-small:1.92%;\"><div class=\"fusion-column-wrapper fusion-column-has-shadow fusion-flex-justify-content-flex-start fusion-content-layout-column\"><div class=\"fusion-builder-row fusion-builder-row-inner fusion-row fusion-flex-align-items-flex-start fusion-flex-content-wrap\" style=\"width:104% !important;max-width:104% !important;margin-left: calc(-4% \/ 2 );margin-right: calc(-4% \/ 2 );\"><div class=\"fusion-layout-column fusion_builder_column_inner fusion-builder-nested-column-0 fusion_builder_column_inner_1_1 1_1 fusion-flex-column\" style=\"--awb-padding-top:15px;--awb-padding-right:25px;--awb-padding-bottom:15px;--awb-padding-left:25px;--awb-bg-color:rgba(255,255,255,0.1);--awb-bg-color-hover:rgba(255,255,255,0.1);--awb-bg-size:cover;--awb-border-color:rgba(0,157,224,0.1);--awb-border-top:1px;--awb-border-right:1px;--awb-border-bottom:1px;--awb-border-left:1px;--awb-border-style:solid;--awb-width-large:100%;--awb-margin-top-large:0px;--awb-spacing-right-large:1.92%;--awb-margin-bottom-large:20px;--awb-spacing-left-large:1.92%;--awb-width-medium:100%;--awb-order-medium:0;--awb-spacing-right-medium:1.92%;--awb-spacing-left-medium:1.92%;--awb-width-small:100%;--awb-order-small:0;--awb-spacing-right-small:1.92%;--awb-spacing-left-small:1.92%;\"><div class=\"fusion-column-wrapper fusion-column-has-shadow fusion-flex-justify-content-flex-start fusion-content-layout-column\"><div class=\"fusion-title title fusion-title-3 fusion-sep-none fusion-title-text fusion-title-size-three\" style=\"--awb-text-color:#009de0;\"><h3 class=\"fusion-title-heading title-heading-left\" style=\"font-family:Arial, Helvetica, sans-serif;font-style:normal;font-weight:400;margin:0;\">ACERCA DE ESTA RUTA<\/h3><\/div><div class=\"fusion-text fusion-text-1\"><p style=\"text-align: justify;\">\u00a1Te damos la bienvenida a la Ruta de Inducci\u00f3n General de Aldeas Infantiles SOS Argentina!<\/p>\n<p style=\"text-align: justify;\">Este espacio acompa\u00f1a tus primeros pasos en la organizaci\u00f3n y te acerca, de manera clara y humana, a qui\u00e9nes somos, qu\u00e9 hacemos y por qu\u00e9 nuestro trabajo es tan significativo. Aqu\u00ed encontrar\u00e1s una mirada integral sobre Aldeas Infantiles SOS en Argentina y en el mundo, nuestra misi\u00f3n y la forma en que se articulan nuestras \u00e1reas, procesos y roles para garantizar que cada ni\u00f1a, ni\u00f1o, adolescente y joven crezca con los v\u00ednculos afectivos y el acompa\u00f1amiento que necesita.<\/p>\n<p style=\"text-align: justify;\">La Ruta de Inducci\u00f3n est\u00e1 compuesta por diez cursos que reflejan las \u00e1reas y funciones esenciales de Aldeas Infantiles SOS Argentina. Cada uno te permitir\u00e1 comprender c\u00f3mo se organiza nuestro trabajo, c\u00f3mo aporta cada equipo y de qu\u00e9 manera todas las \u00e1reas se conectan para sostener nuestra misi\u00f3n. A continuaci\u00f3n, encontrar\u00e1s la descripci\u00f3n de cada curso para que puedas avanzar en este proceso de integraci\u00f3n de manera clara, cercana y progresiva.<\/p>\n<p style=\"text-align: justify;\">Deseamos que este recorrido no solo te brinde informaci\u00f3n, sino que tambi\u00e9n te inspire y te haga sentir parte desde el inicio. \u00a1Gracias por sumarte a este camino!<\/p>\n<\/div><\/div><\/div><\/div><div class=\"fusion-builder-row fusion-builder-row-inner fusion-row fusion-flex-align-items-flex-start fusion-flex-content-wrap\" style=\"width:104% !important;max-width:104% !important;margin-left: calc(-4% \/ 2 );margin-right: calc(-4% \/ 2 );\"><div class=\"fusion-layout-column fusion_builder_column_inner fusion-builder-nested-column-1 fusion_builder_column_inner_1_1 1_1 fusion-flex-column\" style=\"--awb-padding-top:15px;--awb-padding-right:25px;--awb-padding-bottom:15px;--awb-padding-left:25px;--awb-bg-color:rgba(255,255,255,0.04);--awb-bg-color-hover:rgba(255,255,255,0.04);--awb-bg-size:cover;--awb-border-color:rgba(0,157,224,0.1);--awb-border-top:1px;--awb-border-right:1px;--awb-border-bottom:1px;--awb-border-left:1px;--awb-border-style:solid;--awb-width-large:100%;--awb-margin-top-large:0px;--awb-spacing-right-large:1.92%;--awb-margin-bottom-large:20px;--awb-spacing-left-large:1.92%;--awb-width-medium:100%;--awb-order-medium:0;--awb-spacing-right-medium:1.92%;--awb-spacing-left-medium:1.92%;--awb-width-small:100%;--awb-order-small:0;--awb-spacing-right-small:1.92%;--awb-spacing-left-small:1.92%;\"><div class=\"fusion-column-wrapper fusion-column-has-shadow fusion-flex-justify-content-flex-start fusion-content-layout-column\"><div class=\"fusion-title title fusion-title-4 fusion-sep-none fusion-title-text fusion-title-size-three\" style=\"--awb-text-color:#009de0;\"><h3 class=\"fusion-title-heading title-heading-left\" style=\"font-family:Arial, Helvetica, sans-serif;font-style:normal;font-weight:400;margin:0;\">OBJETIVO DE LA RUTA<\/h3><\/div><div class=\"fusion-text fusion-text-2\"><p style=\"text-align: justify;\">Ofrecer a las nuevas personas colaboradoras una comprensi\u00f3n integral de Aldeas Infantiles SOS Argentina \u2014su prop\u00f3sito, su forma de trabajo y los recursos disponibles\u2014 para favorecer su identificaci\u00f3n con la misi\u00f3n de la organizaci\u00f3n y brindarles las herramientas necesarias para iniciar su labor con claridad, sentido y compromiso.<\/p>\n<\/div><\/div><\/div><\/div><div class=\"fusion-builder-row fusion-builder-row-inner fusion-row fusion-flex-align-items-flex-start fusion-flex-content-wrap\" style=\"width:104% !important;max-width:104% !important;margin-left: calc(-4% \/ 2 );margin-right: calc(-4% \/ 2 );\"><div class=\"fusion-layout-column fusion_builder_column_inner fusion-builder-nested-column-2 fusion_builder_column_inner_1_1 1_1 fusion-flex-column\" style=\"--awb-padding-top:15px;--awb-padding-right:25px;--awb-padding-bottom:15px;--awb-padding-left:25px;--awb-bg-color:rgba(255,255,255,0.04);--awb-bg-color-hover:rgba(255,255,255,0.04);--awb-bg-size:cover;--awb-border-color:rgba(0,157,224,0.1);--awb-border-top:1px;--awb-border-right:1px;--awb-border-bottom:1px;--awb-border-left:1px;--awb-border-style:solid;--awb-width-large:100%;--awb-margin-top-large:0px;--awb-spacing-right-large:1.92%;--awb-margin-bottom-large:20px;--awb-spacing-left-large:1.92%;--awb-width-medium:100%;--awb-order-medium:0;--awb-spacing-right-medium:1.92%;--awb-spacing-left-medium:1.92%;--awb-width-small:100%;--awb-order-small:0;--awb-spacing-right-small:1.92%;--awb-spacing-left-small:1.92%;\"><div class=\"fusion-column-wrapper fusion-column-has-shadow fusion-flex-justify-content-flex-start fusion-content-layout-column\"><div class=\"fusion-title title fusion-title-5 fusion-sep-none fusion-title-text fusion-title-size-three\" style=\"--awb-text-color:#009de0;\"><h3 class=\"fusion-title-heading title-heading-left\" style=\"font-family:Arial, Helvetica, sans-serif;font-style:normal;font-weight:400;margin:0;\">\u00bfQU\u00c9 APRENDER\u00c1S EN ESTA RUTA?<\/h3><\/div><div class=\"fusion-text fusion-text-3\"><p>Al finalizar esta Ruta de Inducci\u00f3n, podr\u00e1s:<\/p>\n<\/div><ul style=\"--awb-iconcolor:#009de0;--awb-line-height:27.2px;--awb-icon-width:27.2px;--awb-icon-height:27.2px;--awb-icon-margin:11.2px;--awb-content-margin:38.4px;--awb-circlecolor:rgba(101,188,123,0);--awb-circle-yes-font-size:14.08px;\" class=\"fusion-checklist fusion-checklist-1 fusion-checklist-default type-icons\"><li class=\"fusion-li-item\" style=\"\"><span class=\"icon-wrapper circle-yes\"><i class=\"fusion-li-icon fa-check-circle fas\" aria-hidden=\"true\"><\/i><\/span><div class=\"fusion-li-item-content\">\n<p>Reconocer las pol\u00edticas, lineamientos, procedimientos, estrategias y la estructura organizacional que orientan el trabajo de Aldeas Infantiles SOS Argentina.<\/p>\n<\/div><\/li><li class=\"fusion-li-item\" style=\"\"><span class=\"icon-wrapper circle-yes\"><i class=\"fusion-li-icon fa-check-circle fas\" aria-hidden=\"true\"><\/i><\/span><div class=\"fusion-li-item-content\">\n<p>Comprender los objetivos, funciones y estructura de las distintas \u00e1reas, identificando c\u00f3mo cada una aporta al prop\u00f3sito com\u00fan de la organizaci\u00f3n.<\/p>\n<\/div><\/li><li class=\"fusion-li-item\" style=\"\"><span class=\"icon-wrapper circle-yes\"><i class=\"fusion-li-icon fa-check-circle fas\" aria-hidden=\"true\"><\/i><\/span><div class=\"fusion-li-item-content\">\n<p>Entender a Aldeas Infantiles SOS como un sistema din\u00e1mico, donde las interacciones internas y externas evolucionan constantemente y donde tu desempe\u00f1o contribuye de manera directa al logro de los objetivos institucionales.<\/p>\n<\/div><\/li><li class=\"fusion-li-item\" style=\"\"><span class=\"icon-wrapper circle-yes\"><i class=\"fusion-li-icon fa-check-circle fas\" aria-hidden=\"true\"><\/i><\/span><div class=\"fusion-li-item-content\">\n<p>Identificar recursos y apoyos clave que faciliten tu proceso de adaptaci\u00f3n, integraci\u00f3n y construcci\u00f3n de sentido de pertenencia, fortaleciendo tu rol y tu participaci\u00f3n en la vida organizacional.<\/p>\n<\/div><\/li><\/ul><\/div><\/div><\/div><div class=\"fusion-builder-row fusion-builder-row-inner fusion-row fusion-flex-align-items-flex-start fusion-flex-content-wrap\" style=\"width:104% !important;max-width:104% !important;margin-left: calc(-4% \/ 2 );margin-right: calc(-4% \/ 2 );\"><div class=\"fusion-layout-column fusion_builder_column_inner fusion-builder-nested-column-3 fusion_builder_column_inner_1_1 1_1 fusion-flex-column\" style=\"--awb-padding-top:15px;--awb-padding-right:25px;--awb-padding-bottom:15px;--awb-padding-left:25px;--awb-bg-color:rgba(255,255,255,0.04);--awb-bg-color-hover:rgba(255,255,255,0.04);--awb-bg-size:cover;--awb-border-color:rgba(0,157,224,0.1);--awb-border-top:1px;--awb-border-right:1px;--awb-border-bottom:1px;--awb-border-left:1px;--awb-border-style:solid;--awb-width-large:100%;--awb-margin-top-large:0px;--awb-spacing-right-large:1.92%;--awb-margin-bottom-large:20px;--awb-spacing-left-large:1.92%;--awb-width-medium:100%;--awb-order-medium:0;--awb-spacing-right-medium:1.92%;--awb-spacing-left-medium:1.92%;--awb-width-small:100%;--awb-order-small:0;--awb-spacing-right-small:1.92%;--awb-spacing-left-small:1.92%;\"><div class=\"fusion-column-wrapper fusion-column-has-shadow fusion-flex-justify-content-flex-start fusion-content-layout-column\"><div class=\"fusion-title title fusion-title-6 fusion-sep-none fusion-title-text fusion-title-size-three\" style=\"--awb-text-color:#009de0;\"><h3 class=\"fusion-title-heading title-heading-left\" style=\"font-family:Arial, Helvetica, sans-serif;font-style:normal;font-weight:400;margin:0;\">PLAN DE ESTUDIOS<\/h3><\/div><div class=\"accordian fusion-accordian\" style=\"--awb-border-size:1px;--awb-icon-size:16px;--awb-content-font-size:16px;--awb-icon-alignment:left;--awb-hover-color:#f9f9fb;--awb-border-color:#e2e2e2;--awb-background-color:#ffffff;--awb-divider-color:#e2e2e2;--awb-divider-hover-color:#e2e2e2;--awb-icon-color:#ffffff;--awb-title-color:#009de0;--awb-content-color:#4a4e57;--awb-icon-box-color:var(--awb-color6);--awb-toggle-hover-accent-color:var(--awb-custom_color_1);--awb-title-font-family:Arial, Helvetica, sans-serif;--awb-title-font-weight:400;--awb-title-font-style:normal;--awb-content-font-family:&quot;Open Sans&quot;;--awb-content-font-style:normal;--awb-content-font-weight:400;\"><div class=\"panel-group fusion-toggle-icon-boxed\" id=\"accordion-24487-1\"><div class=\"fusion-panel panel-default panel-1877d99f0a1c046f7 fusion-toggle-has-divider\" style=\"--awb-title-color:#009de0;\"><div class=\"panel-heading\"><h4 class=\"panel-title toggle\" id=\"toggle_1877d99f0a1c046f7\"><a aria-expanded=\"false\" aria-controls=\"1877d99f0a1c046f7\" role=\"button\" data-toggle=\"collapse\" data-parent=\"#accordion-24487-1\" data-target=\"#1877d99f0a1c046f7\" href=\"#1877d99f0a1c046f7\"><span class=\"fusion-toggle-icon-wrapper\" aria-hidden=\"true\"><i class=\"fa-fusion-box active-icon awb-icon-minus\" aria-hidden=\"true\"><\/i><i class=\"fa-fusion-box inactive-icon awb-icon-plus\" aria-hidden=\"true\"><\/i><\/span><span class=\"fusion-toggle-heading\">CURSO 1: INTRODUCCI\u00d3N A ALDEAS INFANTILES SOS <\/span><\/a><\/h4><\/div><div id=\"1877d99f0a1c046f7\" class=\"panel-collapse collapse \" aria-labelledby=\"toggle_1877d99f0a1c046f7\"><div class=\"panel-body toggle-content fusion-clearfix\"><strong>PRESENTACI\u00d3N DEL CURSO<\/strong><strong>\u00a0<\/strong><\/p>\n<p><strong>ALDEAS INFANTILES SOS \u2013 TRABAJANDO POR EL DERECHO DE LAS\/LOS NI\u00d1OS A VIVIR EN FAMILIA<\/strong><\/p>\n<ul>\n<li><strong>Lecci\u00f3n 1:<\/strong> \u00bfQu\u00e9 es Aldeas Infantiles SOS?<\/li>\n<\/ul>\n<\/div><\/div><\/div><div class=\"fusion-panel panel-default panel-5feef0780bd527450 fusion-toggle-has-divider\" style=\"--awb-title-color:#009de0;\"><div class=\"panel-heading\"><h4 class=\"panel-title toggle\" id=\"toggle_5feef0780bd527450\"><a aria-expanded=\"false\" aria-controls=\"5feef0780bd527450\" role=\"button\" data-toggle=\"collapse\" data-parent=\"#accordion-24487-1\" data-target=\"#5feef0780bd527450\" href=\"#5feef0780bd527450\"><span class=\"fusion-toggle-icon-wrapper\" aria-hidden=\"true\"><i class=\"fa-fusion-box active-icon awb-icon-minus\" aria-hidden=\"true\"><\/i><i class=\"fa-fusion-box inactive-icon awb-icon-plus\" aria-hidden=\"true\"><\/i><\/span><span class=\"fusion-toggle-heading\">CURSO 2: RECURSOS HUMANOS<\/span><\/a><\/h4><\/div><div id=\"5feef0780bd527450\" class=\"panel-collapse collapse \" aria-labelledby=\"toggle_5feef0780bd527450\"><div class=\"panel-body toggle-content fusion-clearfix\">\n<p><strong>UNIDAD 1: GESTI\u00d3N DE RECURSOS HUMANOS<\/strong><\/p>\n<ul>\n<li><strong>Lecci\u00f3n 1: <\/strong>Principios y Est\u00e1ndares de RRHH.<\/li>\n<li><strong>Lecci\u00f3n 2: <\/strong>C\u00f3digo de conducta.<\/li>\n<li><strong>Lecci\u00f3n 3:<\/strong> Estructura de la Organizaci\u00f3n.<\/li>\n<li><strong>Lecci\u00f3n 4:<\/strong> Estructura de Aldeas Infantiles SOS Argentina<\/li>\n<li><strong>Lecci\u00f3n 5:<\/strong> Condiciones de trabajo adecuadas.<\/li>\n<li><strong>Lecci\u00f3n 6:<\/strong> Gesti\u00f3n del desempe\u00f1o.<\/li>\n<li><strong>Lecci\u00f3n 7:<\/strong> Afectividad Consciente como competencia organizacional.<\/li>\n<\/ul>\n<p><strong>UNIDAD 2: DESARROLLO Y CAPACITACI\u00d3N <\/strong><\/p>\n<ul>\n<li><strong>Lecci\u00f3n 1:<\/strong> Formaci\u00f3n de colaboradoras y colaboradores SOS.<\/li>\n<\/ul>\n<\/div><\/div><\/div><div class=\"fusion-panel panel-default panel-d7e85fbd22e0ae2dc fusion-toggle-has-divider\" style=\"--awb-title-color:#009de0;\"><div class=\"panel-heading\"><h4 class=\"panel-title toggle\" id=\"toggle_d7e85fbd22e0ae2dc\"><a aria-expanded=\"false\" aria-controls=\"d7e85fbd22e0ae2dc\" role=\"button\" data-toggle=\"collapse\" data-parent=\"#accordion-24487-1\" data-target=\"#d7e85fbd22e0ae2dc\" href=\"#d7e85fbd22e0ae2dc\"><span class=\"fusion-toggle-icon-wrapper\" aria-hidden=\"true\"><i class=\"fa-fusion-box active-icon awb-icon-minus\" aria-hidden=\"true\"><\/i><i class=\"fa-fusion-box inactive-icon awb-icon-plus\" aria-hidden=\"true\"><\/i><\/span><span class=\"fusion-toggle-heading\">CURSO 3: SALVAGUARDA INTEGRAL<\/span><\/a><\/h4><\/div><div id=\"d7e85fbd22e0ae2dc\" class=\"panel-collapse collapse \" aria-labelledby=\"toggle_d7e85fbd22e0ae2dc\"><div class=\"panel-body toggle-content fusion-clearfix\">\n<ul>\n<li><strong>Lecci\u00f3n 1:<\/strong> Descripci\u00f3n General.<\/li>\n<li><strong>Lecci\u00f3n 2:<\/strong> Principios Generales.<\/li>\n<li><strong>Lecci\u00f3n 3:<\/strong> Las tres \u00e1reas de acci\u00f3n de la Salvaguarda Integral.<\/li>\n<li><strong>Lecci\u00f3n 4:<\/strong> Equipo de Gesti\u00f3n de Incidentes (EGI)<\/li>\n<\/ul>\n<\/div><\/div><\/div><div class=\"fusion-panel panel-default panel-546a837364ecf2552 fusion-toggle-has-divider\" style=\"--awb-title-color:#009de0;\"><div class=\"panel-heading\"><h4 class=\"panel-title toggle\" id=\"toggle_546a837364ecf2552\"><a aria-expanded=\"false\" aria-controls=\"546a837364ecf2552\" role=\"button\" data-toggle=\"collapse\" data-parent=\"#accordion-24487-1\" data-target=\"#546a837364ecf2552\" href=\"#546a837364ecf2552\"><span class=\"fusion-toggle-icon-wrapper\" aria-hidden=\"true\"><i class=\"fa-fusion-box active-icon awb-icon-minus\" aria-hidden=\"true\"><\/i><i class=\"fa-fusion-box inactive-icon awb-icon-plus\" aria-hidden=\"true\"><\/i><\/span><span class=\"fusion-toggle-heading\">CURSO 4: DESARROLLO DE PROGRAMAS (Completar en orden los 6 cursos)<\/span><\/a><\/h4><\/div><div id=\"546a837364ecf2552\" class=\"panel-collapse collapse \" aria-labelledby=\"toggle_546a837364ecf2552\"><div class=\"panel-body toggle-content fusion-clearfix\">\n<p><strong>DESARROLLO DE PROGRAMAS: MARCO GENERAL<\/strong><\/p>\n<ul>\n<li><strong>Lecci\u00f3n 1:<\/strong> Introducci\u00f3n General. Marco legal.<\/li>\n<li><strong>Lecci\u00f3n 2:<\/strong> Servicios directos: Cuidado Alternativo.<\/li>\n<li><strong>Lecci\u00f3n 3:<\/strong> Servicios directos: Fortalecimiento familiar y desarrollo comunitario.<\/li>\n<li><strong>Lecci\u00f3n 4:<\/strong> Desarrollo de capacidades.<\/li>\n<\/ul>\n<p><strong>DESARROLLO DE PROGRAMAS: PROGRAMA NACIONAL DE J\u00d3VENES<\/strong><\/p>\n<ul>\n<li><strong>Lecci\u00f3n 1:<\/strong> Enfoque de juventudes &#8211; Procesos subjetivos y conceptos clave.<\/li>\n<li><strong>Lecci\u00f3n 2:<\/strong> Adolescentes y j\u00f3venes sin cuidados familiares.<\/li>\n<li><strong>Lecci\u00f3n 3:<\/strong> Marcos internacionales para el acompa\u00f1amiento a adolescentes y j\u00f3venes.<\/li>\n<li><strong>Lecci\u00f3n 4:<\/strong> Programa de adolescentes y j\u00f3venes en Aldeas Infantiles SOS Argentina.<\/li>\n<li><strong>Lecci\u00f3n 5:<\/strong> Ejes de acompa\u00f1amiento a adolescentes y j\u00f3venes.<\/li>\n<li><strong>Lecci\u00f3n 6:<\/strong> El acompa\u00f1amiento en la transici\u00f3n a la vida independiente.<\/li>\n<li><strong>Lecci\u00f3n 7:<\/strong> Programas de acompa\u00f1amiento en el egreso: Casas de pre egreso y vivienda asistida.<\/li>\n<li><strong>Lecci\u00f3n 8: <\/strong>Proyectos.<\/li>\n<\/ul>\n<p><strong>DESARROLLO DE PROGRAMAS: PROGRAMA DE EMPLEABILIDAD<\/strong><\/p>\n<ul>\n<li><strong>Lecci\u00f3n 1:<\/strong> Nuestro concepto de empleabilidad.<\/li>\n<li><strong>Lecci\u00f3n 2:<\/strong> Situaci\u00f3n de la poblaci\u00f3n meta.<\/li>\n<li><strong>Lecci\u00f3n 3:<\/strong> El marc o internacional de YouthCan! y c\u00f3mo se implementa en la Estrategia Nacional.<\/li>\n<\/ul>\n<p><strong>DESARROLLO DE PROGRAMAS: INCIDENCIA P\u00daBLICA<\/strong>.<\/p>\n<ul>\n<li><strong>Lecci\u00f3n 1:<\/strong> Marco normativo internacional y nacional: La base del trabajo de incidencia.<\/li>\n<li><strong>Lecci\u00f3n 2:<\/strong> Ahora s\u00ed, \u00bfqu\u00e9 es la incidencia p\u00fablica?<\/li>\n<li><strong>Lecci\u00f3n 3:<\/strong> Herramientas para incidencia.<\/li>\n<li><strong>Lecci\u00f3n 4:<\/strong> Nociones generales del \u00e1rea.<\/li>\n<\/ul>\n<p><strong>DESARROLLO DE PROGRAMAS:\u00a0 MONITOREO, EVALUACI\u00d3N Y APRENDIZAJE<\/strong><\/p>\n<ul>\n<li><strong>Lecci\u00f3n 1:<\/strong> Nociones generales del \u00e1rea.<\/li>\n<li><strong>Lecci\u00f3n 2:<\/strong> Estructura program\u00e1tica actual<\/li>\n<li><strong>Lecci\u00f3n 3:<\/strong> Principios de la Gesti\u00f3n Basada en Resultados (GBR).<\/li>\n<li><strong>Lecci\u00f3n 4:<\/strong> Principios de la Gesti\u00f3n de Casos.<\/li>\n<li><strong>Lecci\u00f3n 5:<\/strong> Herramientas de Monitoreo.<\/li>\n<li><strong>Lecci\u00f3n 6:<\/strong> Herramientas de evaluaci\u00f3n.<\/li>\n<\/ul>\n<p><strong>DESARROLLO DE PROGRAMAS: G\u00c9NERO<\/strong><\/p>\n<ul>\n<li><strong>Lecci\u00f3n 1:<\/strong> Pol\u00edtica de g\u00e9nero. A quien est\u00e1 dirigida, definiciones, principios, implicaciones.<\/li>\n<li><strong>Lecci\u00f3n 2:<\/strong> Recorrido hist\u00f3rico.<\/li>\n<li><strong>Lecci\u00f3n 3:<\/strong> Documento de apoyo para el logro de la igualdad de g\u00e9nero.<\/li>\n<li><strong>Lecci\u00f3n 4:<\/strong> Transversalizar la Pol\u00edtica de G\u00e9nero: Que es, que implica, hoja de ruta.<\/li>\n<li><strong>Lecci\u00f3n 5:<\/strong> Equipo Nacional de G\u00e9nero: \u00daltimas acciones.<\/li>\n<\/ul>\n<\/div><\/div><\/div><div class=\"fusion-panel panel-default panel-ab106b703d3446207 fusion-toggle-has-divider\" style=\"--awb-title-color:#009de0;\"><div class=\"panel-heading\"><h4 class=\"panel-title toggle\" id=\"toggle_ab106b703d3446207\"><a aria-expanded=\"false\" aria-controls=\"ab106b703d3446207\" role=\"button\" data-toggle=\"collapse\" data-parent=\"#accordion-24487-1\" data-target=\"#ab106b703d3446207\" href=\"#ab106b703d3446207\"><span class=\"fusion-toggle-icon-wrapper\" aria-hidden=\"true\"><i class=\"fa-fusion-box active-icon awb-icon-minus\" aria-hidden=\"true\"><\/i><i class=\"fa-fusion-box inactive-icon awb-icon-plus\" aria-hidden=\"true\"><\/i><\/span><span class=\"fusion-toggle-heading\">CURSO 5: SALVAGUARDA INFANTIL Y JUVENIL <\/span><\/a><\/h4><\/div><div id=\"ab106b703d3446207\" class=\"panel-collapse collapse \" aria-labelledby=\"toggle_ab106b703d3446207\"><div class=\"panel-body toggle-content fusion-clearfix\">\n<ul>\n<li><strong>Lecci\u00f3n 1:<\/strong> Enfoque de derechos. Procesos subjetivos y Conceptos clave.<\/li>\n<li><strong>Lecci\u00f3n 2:<\/strong> Pol\u00edtica de Salvaguarda Infantil y Juvenil.<\/li>\n<li><strong>Lecci\u00f3n 3:<\/strong> Caja de herramientas de la Pol\u00edtica de Salvaguarda Infantil y Juvenil.<\/li>\n<\/ul>\n<\/div><\/div><\/div><div class=\"fusion-panel panel-default panel-b74bd3942ee5334b5 fusion-toggle-has-divider\" style=\"--awb-title-color:#009de0;\"><div class=\"panel-heading\"><h4 class=\"panel-title toggle\" id=\"toggle_b74bd3942ee5334b5\"><a aria-expanded=\"false\" aria-controls=\"b74bd3942ee5334b5\" role=\"button\" data-toggle=\"collapse\" data-parent=\"#accordion-24487-1\" data-target=\"#b74bd3942ee5334b5\" href=\"#b74bd3942ee5334b5\"><span class=\"fusion-toggle-icon-wrapper\" aria-hidden=\"true\"><i class=\"fa-fusion-box active-icon awb-icon-minus\" aria-hidden=\"true\"><\/i><i class=\"fa-fusion-box inactive-icon awb-icon-plus\" aria-hidden=\"true\"><\/i><\/span><span class=\"fusion-toggle-heading\">CURSO 6: COMUNICACI\u00d3N<\/span><\/a><\/h4><\/div><div id=\"b74bd3942ee5334b5\" class=\"panel-collapse collapse \" aria-labelledby=\"toggle_b74bd3942ee5334b5\"><div class=\"panel-body toggle-content fusion-clearfix\">\n<p><strong>UNIDAD 1:<\/strong> COMUNICACI\u00d3N CON CAUSA: QU\u00c9 HACEMOS Y PARA QU\u00c9<\/p>\n<ul>\n<li><strong>Lecci\u00f3n 1:<\/strong> Comunicar nuestro prop\u00f3sito.<\/li>\n<li><strong>Lecci\u00f3n 2:<\/strong> Nociones generales de la marca Aldeas Infantiles SOS.<strong>\u00a0<\/strong><\/li>\n<\/ul>\n<p><strong>UNIDAD 2:<\/strong> P\u00daBLICO Y CANALES: \u00bfA QUI\u00c9NES LES HABLAMOS Y POR QU\u00c9?<\/p>\n<ul>\n<li><strong>Lecci\u00f3n 1:<\/strong> P\u00fablicos.<\/li>\n<li><strong>Lecci\u00f3n 2:<\/strong> Canales de comunicaci\u00f3n organizaci\u00f3n.<\/li>\n<\/ul>\n<p><strong>UNIDAD 3:<\/strong> PRENSA: LAS INFANCIAS EN LA AGENDA P\u00daBLICA.<\/p>\n<ul>\n<li><strong>Lecci\u00f3n 1:<\/strong> La gesti\u00f3n de Prensa.<\/li>\n<\/ul>\n<p><strong>UNIDAD 4:<\/strong> POSICIONAMIENTO: EVENTOS E INCIDENCIA.<\/p>\n<ul>\n<li><strong>Lecci\u00f3n 1:<\/strong> Desarrollo de eventos y trabajo en equipo.<\/li>\n<\/ul>\n<p><strong>UNIDAD 5:<\/strong>\u00a0 CONSIDERACIONES PARA EL USO DE IM\u00c1GENES.<\/p>\n<ul>\n<li><strong>Lecci\u00f3n 1:<\/strong> Generaci\u00f3n, uso y tratamiento de im\u00e1genes.<\/li>\n<li><strong>Lecci\u00f3n 2:<\/strong> Autorizaci\u00f3n para el uso de im\u00e1genes.<\/li>\n<\/ul>\n<\/div><\/div><\/div><div class=\"fusion-panel panel-default panel-440bc785fd605590a fusion-toggle-has-divider\" style=\"--awb-title-color:#009de0;\"><div class=\"panel-heading\"><h4 class=\"panel-title toggle\" id=\"toggle_440bc785fd605590a\"><a aria-expanded=\"false\" aria-controls=\"440bc785fd605590a\" role=\"button\" data-toggle=\"collapse\" data-parent=\"#accordion-24487-1\" data-target=\"#440bc785fd605590a\" href=\"#440bc785fd605590a\"><span class=\"fusion-toggle-icon-wrapper\" aria-hidden=\"true\"><i class=\"fa-fusion-box active-icon awb-icon-minus\" aria-hidden=\"true\"><\/i><i class=\"fa-fusion-box inactive-icon awb-icon-plus\" aria-hidden=\"true\"><\/i><\/span><span class=\"fusion-toggle-heading\">CURSO 7: PLANIFICACI\u00d3N ESTRAT\u00c9GICA<\/span><\/a><\/h4><\/div><div id=\"440bc785fd605590a\" class=\"panel-collapse collapse \" aria-labelledby=\"toggle_440bc785fd605590a\"><div class=\"panel-body toggle-content fusion-clearfix\">\n<ul>\n<li><strong>Lecci\u00f3n 1:<\/strong> \u00bfQu\u00e9 es planificaci\u00f3n estrat\u00e9gica?<\/li>\n<li><strong>Lecci\u00f3n 2:<\/strong> Estrategia 2030.<\/li>\n<li><strong>Lecci\u00f3n 3:<\/strong> Las herramientas y procesos para la implementaci\u00f3n de la Estrategia 2030.<\/li>\n<li><strong>Lecci\u00f3n 4:<\/strong> Planificaci\u00f3n local.<\/li>\n<\/ul>\n<\/div><\/div><\/div><div class=\"fusion-panel panel-default panel-284fb7d99b380854d fusion-toggle-has-divider\" style=\"--awb-title-color:#009de0;\"><div class=\"panel-heading\"><h4 class=\"panel-title toggle\" id=\"toggle_284fb7d99b380854d\"><a aria-expanded=\"false\" aria-controls=\"284fb7d99b380854d\" role=\"button\" data-toggle=\"collapse\" data-parent=\"#accordion-24487-1\" data-target=\"#284fb7d99b380854d\" href=\"#284fb7d99b380854d\"><span class=\"fusion-toggle-icon-wrapper\" aria-hidden=\"true\"><i class=\"fa-fusion-box active-icon awb-icon-minus\" aria-hidden=\"true\"><\/i><i class=\"fa-fusion-box inactive-icon awb-icon-plus\" aria-hidden=\"true\"><\/i><\/span><span class=\"fusion-toggle-heading\">CURSO 8: TECNOLOG\u00cdAS DE LA INFORMACI\u00d3N Y LA COMUNICACI\u00d3N <\/span><\/a><\/h4><\/div><div id=\"284fb7d99b380854d\" class=\"panel-collapse collapse \" aria-labelledby=\"toggle_284fb7d99b380854d\"><div class=\"panel-body toggle-content fusion-clearfix\">\n<ul>\n<li><strong>Lecci\u00f3n 1:<\/strong> Tecnolog\u00edas de la informaci\u00f3n y comunicaci\u00f3n.<\/li>\n<li><strong>Lecci\u00f3n 2:<\/strong> Plan de acci\u00f3n de estandarizaci\u00f3n de TIC.<\/li>\n<li><strong>Lecci\u00f3n 3:<\/strong> Est\u00e1ndares para los servicios de TIC.<\/li>\n<li><strong>Lecci\u00f3n 4:<\/strong> Digitalizaci\u00f3n<\/li>\n<li><strong>Lecci\u00f3n 5:<\/strong> \u00bfC\u00f3mo se utiliza la mesa de ayuda?<\/li>\n<li><strong>Lecci\u00f3n 6:<\/strong> \u00bfC\u00f3mo cambiar la contrase\u00f1a de Office 365?<\/li>\n<li><strong>Lecci\u00f3n 7:<\/strong> \u00bfC\u00f3mo reestablecer la contrase\u00f1a de la cuenta de O365?<\/li>\n<li><strong>Lecci\u00f3n 8:<\/strong> \u00bfC\u00f3mo manejarse frente a la recepci\u00f3n de correos maliciosos?<\/li>\n<li><strong>Lecci\u00f3n 9:<\/strong> \u00bfC\u00f3mo sincronizar OneDrive en Windows?<\/li>\n<li><strong>Lecci\u00f3n 10: <\/strong>\u00bfC\u00f3mo cifrar y descifrar un archivo o carpeta con AXCRYPT?<\/li>\n<li><strong>Lecci\u00f3n 11:<\/strong> \u00bfC\u00f3mo configurar respuestas autom\u00e1ticas en Microsoft Outlook?<\/li>\n<li><strong>Lecci\u00f3n 12:<\/strong> \u00bfC\u00f3mo configurar respuestas autom\u00e1ticas en Outlook Web?<\/li>\n<li><strong>Lecci\u00f3n 13:<\/strong> \u00bfC\u00f3mo compartir calendario de Outlook?<\/li>\n<li><strong>Lecci\u00f3n 14:<\/strong> Factor de autenticaci\u00f3n<\/li>\n<\/ul>\n<\/div><\/div><\/div><div class=\"fusion-panel panel-default panel-4d577412ca9346664 fusion-toggle-has-divider\" style=\"--awb-title-color:#009de0;\"><div class=\"panel-heading\"><h4 class=\"panel-title toggle\" id=\"toggle_4d577412ca9346664\"><a aria-expanded=\"false\" aria-controls=\"4d577412ca9346664\" role=\"button\" data-toggle=\"collapse\" data-parent=\"#accordion-24487-1\" data-target=\"#4d577412ca9346664\" href=\"#4d577412ca9346664\"><span class=\"fusion-toggle-icon-wrapper\" aria-hidden=\"true\"><i class=\"fa-fusion-box active-icon awb-icon-minus\" aria-hidden=\"true\"><\/i><i class=\"fa-fusion-box inactive-icon awb-icon-plus\" aria-hidden=\"true\"><\/i><\/span><span class=\"fusion-toggle-heading\">CURSO 9: RECAUDACI\u00d3N DE FONDOS <\/span><\/a><\/h4><\/div><div id=\"4d577412ca9346664\" class=\"panel-collapse collapse \" aria-labelledby=\"toggle_4d577412ca9346664\"><div class=\"panel-body toggle-content fusion-clearfix\">\n<p><strong>UNIDAD 1:<\/strong> RECAUDACI\u00d3N DE FONDOS.<\/p>\n<ul>\n<li><strong>Lecci\u00f3n 1:<\/strong> Nociones generales de Recaudaci\u00f3n de Fondos.<strong>\u00a0<\/strong><\/li>\n<\/ul>\n<p><strong>UNIDAD 2: <\/strong>PADRINAZGO INTERNACIONAL<\/p>\n<ul>\n<li><strong>Lecci\u00f3n 1:<\/strong> Mirada al Padrinazgo Internacional.<\/li>\n<li><strong>Lecci\u00f3n 2:<\/strong> Importancia del padrinazgo &#8211; Incidencia en el presupuesto nacional.<\/li>\n<li><strong>Lecci\u00f3n 3:<\/strong> Funcionamiento del \u00c1rea de Padrinazgo a nivel local.<\/li>\n<li><strong>Lecci\u00f3n 4:<\/strong> Tareas de los\/las responsables de Padrinazgo a nivel de los programas.<\/li>\n<li><strong>Lecci\u00f3n 5:<\/strong> Consideraciones acerca de c\u00f3mo protegemos a los NNAJ desde el \u00c1rea de Padrinazgo.<\/li>\n<\/ul>\n<\/div><\/div><\/div><div class=\"fusion-panel panel-default panel-040bf821e5604baae fusion-toggle-has-divider\" style=\"--awb-title-color:#009de0;\"><div class=\"panel-heading\"><h4 class=\"panel-title toggle\" id=\"toggle_040bf821e5604baae\"><a aria-expanded=\"false\" aria-controls=\"040bf821e5604baae\" role=\"button\" data-toggle=\"collapse\" data-parent=\"#accordion-24487-1\" data-target=\"#040bf821e5604baae\" href=\"#040bf821e5604baae\"><span class=\"fusion-toggle-icon-wrapper\" aria-hidden=\"true\"><i class=\"fa-fusion-box active-icon awb-icon-minus\" aria-hidden=\"true\"><\/i><i class=\"fa-fusion-box inactive-icon awb-icon-plus\" aria-hidden=\"true\"><\/i><\/span><span class=\"fusion-toggle-heading\">CURSO 10: FINANZAS <\/span><\/a><\/h4><\/div><div id=\"040bf821e5604baae\" class=\"panel-collapse collapse \" aria-labelledby=\"toggle_040bf821e5604baae\"><div class=\"panel-body toggle-content fusion-clearfix\">\n<ul>\n<li><strong>Lecci\u00f3n 1:<\/strong> Estructura del \u00c1rea de Finanzas.<\/li>\n<li><strong>Lecci\u00f3n 2:<\/strong> Fuentes de financiamiento.<\/li>\n<li><strong>Lecci\u00f3n 3:<\/strong> Proceso de presupuestaci\u00f3n.<\/li>\n<li><strong>Lecci\u00f3n 4:<\/strong> Control presupuestario.<\/li>\n<li><strong>Lecci\u00f3n 5:<\/strong> Procesos de control.<\/li>\n<li><strong>Lecci\u00f3n 6:<\/strong> Procesos administrativos.<\/li>\n<li><strong>Lecci\u00f3n 7:<\/strong> Adelantos a colaboradas y colaboradores SOS para gastos de viaje u otros.<\/li>\n<li><strong>Lecci\u00f3n 8:<\/strong> Presupuesto Familiar.<\/li>\n<li><strong>Lecci\u00f3n 9:<\/strong> Gastos extra al presupuesto familiar.<\/li>\n<li><strong>Lecci\u00f3n 10:<\/strong> Apoyo econ\u00f3mico para j\u00f3venes en proceso de independizaci\u00f3n y apoyo extraordinario para j\u00f3venes independizados.<\/li>\n<li><strong>Lecci\u00f3n 11:<\/strong> Aspectos legales e impositivos.<\/li>\n<\/ul>\n<\/div><\/div><\/div><\/div><\/div><\/div><\/div><\/div><div class=\"fusion-builder-row fusion-builder-row-inner fusion-row fusion-flex-align-items-flex-start fusion-flex-content-wrap\" style=\"width:104% !important;max-width:104% !important;margin-left: calc(-4% \/ 2 );margin-right: calc(-4% \/ 2 );\"><div class=\"fusion-layout-column fusion_builder_column_inner fusion-builder-nested-column-4 fusion_builder_column_inner_1_1 1_1 fusion-flex-column\" style=\"--awb-padding-top:15px;--awb-padding-right:25px;--awb-padding-bottom:15px;--awb-padding-left:25px;--awb-bg-color:rgba(255,255,255,0.04);--awb-bg-color-hover:rgba(255,255,255,0.04);--awb-bg-size:cover;--awb-border-color:rgba(0,157,224,0.1);--awb-border-top:1px;--awb-border-right:1px;--awb-border-bottom:1px;--awb-border-left:1px;--awb-border-style:solid;--awb-width-large:100%;--awb-margin-top-large:0px;--awb-spacing-right-large:1.92%;--awb-margin-bottom-large:20px;--awb-spacing-left-large:1.92%;--awb-width-medium:100%;--awb-order-medium:0;--awb-spacing-right-medium:1.92%;--awb-spacing-left-medium:1.92%;--awb-width-small:100%;--awb-order-small:0;--awb-spacing-right-small:1.92%;--awb-spacing-left-small:1.92%;\"><div class=\"fusion-column-wrapper fusion-column-has-shadow fusion-flex-justify-content-flex-start fusion-content-layout-column\"><div class=\"fusion-title title fusion-title-7 fusion-sep-none fusion-title-text fusion-title-size-three\" style=\"--awb-text-color:#009de0;\"><h3 class=\"fusion-title-heading title-heading-left\" style=\"font-family:Arial, Helvetica, sans-serif;font-style:normal;font-weight:400;margin:0;\">\u00bfA QUI\u00c9N EST\u00c1 DIRIGIDO ESTE CURSO?<\/h3><\/div><ul style=\"--awb-iconcolor:#009de0;--awb-line-height:27.2px;--awb-icon-width:27.2px;--awb-icon-height:27.2px;--awb-icon-margin:11.2px;--awb-content-margin:38.4px;--awb-circlecolor:rgba(101,188,123,0);--awb-circle-yes-font-size:14.08px;\" class=\"fusion-checklist fusion-checklist-2 fusion-checklist-default type-icons\"><li class=\"fusion-li-item\" style=\"\"><span class=\"icon-wrapper circle-yes\"><i class=\"fusion-li-icon fa-check-circle fas\" aria-hidden=\"true\"><\/i><\/span><div class=\"fusion-li-item-content\">\n<p style=\"text-align: justify;\">A todas y todos los colaboradores que se incorporan a la organizaci\u00f3n.<\/p>\n<\/div><\/li><\/ul><\/div><\/div><\/div><\/div><\/div><div class=\"fusion-layout-column fusion_builder_column fusion-builder-column-2 fusion_builder_column_1_3 1_3 fusion-flex-column fusion-animated\" style=\"--awb-padding-top:40px;--awb-padding-right:40px;--awb-padding-bottom:40px;--awb-padding-left:40px;--awb-overflow:hidden;--awb-bg-color:#ffffff;--awb-bg-color-hover:#ffffff;--awb-bg-size:cover;--awb-box-shadow:0px 5px 20px 5px rgba(117,117,117,0.52);;--awb-border-color:#eaeaea;--awb-border-top:0;--awb-border-right:0;--awb-border-bottom:0;--awb-border-left:0;--awb-border-style:solid;--awb-border-radius:10px 10px 10px 10px;--awb-width-large:33.333333333333%;--awb-margin-top-large:-100px;--awb-spacing-right-large:5.76%;--awb-margin-bottom-large:20px;--awb-spacing-left-large:5.76%;--awb-width-medium:100%;--awb-order-medium:0;--awb-spacing-right-medium:1.92%;--awb-spacing-left-medium:1.92%;--awb-width-small:100%;--awb-order-small:0;--awb-spacing-right-small:1.92%;--awb-spacing-left-small:1.92%;\" data-animationType=\"fadeInUp\" data-animationDuration=\"0.6\" data-animationOffset=\"top-into-view\"><div class=\"fusion-column-wrapper fusion-column-has-shadow fusion-flex-justify-content-flex-start fusion-content-layout-column\"><div class=\"fusion-image-element \" style=\"--awb-caption-title-font-family:var(--h2_typography-font-family);--awb-caption-title-font-weight:var(--h2_typography-font-weight);--awb-caption-title-font-style:var(--h2_typography-font-style);--awb-caption-title-size:var(--h2_typography-font-size);--awb-caption-title-transform:var(--h2_typography-text-transform);--awb-caption-title-line-height:var(--h2_typography-line-height);--awb-caption-title-letter-spacing:var(--h2_typography-letter-spacing);\"><span class=\" fusion-imageframe imageframe-none imageframe-1 hover-type-none\"><img width=\"600\" height=\"450\" title=\"Portada-Plataforma_AR\" src=\"https:\/\/sosvirtual.aldeasinfantilessos.org\/wp-content\/uploads\/2021\/09\/Portada-Plataforma_AR.png\" alt class=\"img-responsive wp-image-11793\" srcset=\"https:\/\/sosvirtual.aldeasinfantilessos.org\/wp-content\/uploads\/2021\/09\/Portada-Plataforma_AR-200x150.png 200w, https:\/\/sosvirtual.aldeasinfantilessos.org\/wp-content\/uploads\/2021\/09\/Portada-Plataforma_AR-400x300.png 400w, https:\/\/sosvirtual.aldeasinfantilessos.org\/wp-content\/uploads\/2021\/09\/Portada-Plataforma_AR.png 600w\" sizes=\"(max-width: 1024px) 100vw, (max-width: 640px) 100vw, 400px\" \/><\/span><\/div><div class=\"fusion-separator fusion-full-width-sep\" style=\"align-self: center;margin-left: auto;margin-right: auto;margin-top:5px;margin-bottom:20px;width:100%;\"><\/div>\n<div class=\"table-2\">\n<table width=\"100%\">\n<tbody>\n<tr>\n<td align=\"left\"><i class=\"fb-icon-element-1 fb-icon-element fontawesome-icon fa-calendar-alt fas circle-no fusion-text-flow\" style=\"--awb-iconcolor:#414141;--awb-iconcolor-hover:#414141;--awb-font-size:14px;--awb-margin-right:7px;\"><\/i>Fecha de Inicio:<\/td>\n<td align=\"left\">Inicia hoy mismo.<\/td>\n<\/tr>\n<tr>\n<td align=\"left\"><i class=\"fb-icon-element-2 fb-icon-element fontawesome-icon fa-chalkboard-teacher fas circle-no fusion-text-flow\" style=\"--awb-iconcolor:#414141;--awb-iconcolor-hover:#414141;--awb-font-size:14px;--awb-margin-right:7px;\"><\/i>Modalidad:<\/td>\n<td align=\"left\">MOOC (a tu propio ritmo)<\/td>\n<\/tr>\n<tr>\n<td align=\"left\"><i class=\"fb-icon-element-3 fb-icon-element fontawesome-icon fa-list-alt fas circle-no fusion-text-flow\" style=\"--awb-iconcolor:#414141;--awb-iconcolor-hover:#414141;--awb-font-size:14px;--awb-margin-right:7px;\"><\/i>Prerrequisitos:<\/td>\n<td align=\"left\">\n<div>No exige<\/div>\n<\/td>\n<\/tr>\n<tr>\n<td align=\"left\"><i class=\"fb-icon-element-4 fb-icon-element fontawesome-icon fa-certificate fas circle-no fusion-text-flow\" style=\"--awb-iconcolor:#414141;--awb-iconcolor-hover:#414141;--awb-font-size:14px;--awb-margin-right:7px;\"><\/i>Certificado de la \u00a0Ruta:<\/td>\n<td align=\"left\">Disponible al finalizar todos los cursos.<\/td>\n<\/tr>\n<tr>\n<td align=\"left\"><i class=\"fb-icon-element-5 fb-icon-element fontawesome-icon fa-route fa circle-no fusion-text-flow\" style=\"--awb-iconcolor:#414141;--awb-iconcolor-hover:#414141;--awb-font-size:14px;--awb-margin-right:7px;\"><\/i>Ruta de aprendizaje:<\/td>\n<td align=\"left\">Inducci\u00f3n organizacional para nuevas\/os colaboradoras\/es de Aldeas Infantiles SOS Argentina.<\/td>\n<\/tr>\n<tr>\n<td align=\"left\"><i class=\"fb-icon-element-6 fb-icon-element fontawesome-icon fa-user-check fas circle-no fusion-text-flow\" style=\"--awb-iconcolor:#414141;--awb-iconcolor-hover:#414141;--awb-font-size:14px;--awb-margin-right:7px;\"><\/i>Car\u00e1cter del curso:<\/td>\n<td align=\"left\">Mandatorio<\/td>\n<\/tr>\n<tr>\n<td align=\"left\"><i class=\"fb-icon-element-7 fb-icon-element fontawesome-icon fa-language fas circle-no fusion-text-flow\" style=\"--awb-iconcolor:#414141;--awb-iconcolor-hover:#414141;--awb-font-size:14px;--awb-margin-right:7px;\"><\/i>Idioma:<\/td>\n<td align=\"left\">Espa\u00f1ol<\/td>\n<\/tr>\n<\/tbody>\n<\/table>\n<\/div>\n<div class=\"fusion-separator fusion-full-width-sep\" style=\"align-self: center;margin-left: auto;margin-right: auto;margin-top:20px;margin-bottom:20px;width:100%;\"><\/div><div style=\"text-align:center;\"><a class=\"fusion-button button-flat fusion-button-default-size button-custom fusion-button-default button-1 fusion-button-span-yes fusion-button-default-type\" style=\"--button_accent_color:#ffffff;--button_border_color:#ec2f60;--button_accent_hover_color:#ffffff;--button_border_hover_color:#ed1f54;--button_border_width-top:0px;--button_border_width-right:0px;--button_border_width-bottom:0px;--button_border_width-left:0px;--button-border-radius-top-left:10px;--button-border-radius-top-right:10px;--button-border-radius-bottom-right:10px;--button-border-radius-bottom-left:10px;--button_gradient_top_color:#00a4e1;--button_gradient_bottom_color:#00a4e1;--button_gradient_top_color_hover:#0291c6;--button_gradient_bottom_color_hover:#0291c6;\" target=\"_blank\" rel=\"noopener noreferrer\" href=\"https:\/\/sosvirtual-lms.sos-kd.org\/course\/view.php?id=68\"><span class=\"fusion-button-text\">Matric\u00falate y empieza el primer curso<\/span><\/a><\/div><div class=\"fusion-separator fusion-full-width-sep\" style=\"align-self: center;margin-left: auto;margin-right: auto;margin-top:20px;margin-bottom:20px;width:100%;\"><\/div><div class=\"fusion-text fusion-text-4\"><p style=\"text-align: center;\">Si a\u00fan no est\u00e1s inscrito en la ruta, haz clic aqu\u00ed para iniciar tu aprendizaje desde el primer curso. Una vez matriculado, acceder\u00e1s directamente al contenido del primer curso.<\/p>\n<\/div><div class=\"fusion-separator fusion-full-width-sep\" style=\"align-self: center;margin-left: auto;margin-right: auto;margin-top:20px;margin-bottom:20px;width:100%;\"><div class=\"fusion-separator-border sep-single sep-solid\" style=\"--awb-height:20px;--awb-amount:20px;border-color:#e2e2e2;border-top-width:1px;\"><\/div><\/div><div class=\"fusion-separator fusion-full-width-sep\" style=\"align-self: center;margin-left: auto;margin-right: auto;margin-top:20px;margin-bottom:20px;width:100%;\"><\/div><div style=\"text-align:center;\"><a class=\"fusion-button button-flat fusion-button-default-size button-custom fusion-button-default button-2 fusion-button-span-yes fusion-button-default-type\" style=\"--button_accent_color:#ffffff;--button_border_color:#ec2f60;--button_accent_hover_color:#ffffff;--button_border_hover_color:#ed1f54;--button_border_width-top:0px;--button_border_width-right:0px;--button_border_width-bottom:0px;--button_border_width-left:0px;--button-border-radius-top-left:10px;--button-border-radius-top-right:10px;--button-border-radius-bottom-right:10px;--button-border-radius-bottom-left:10px;--button_gradient_top_color:#00a4e1;--button_gradient_bottom_color:#00a4e1;--button_gradient_top_color_hover:#0291c6;--button_gradient_bottom_color_hover:#0291c6;\" target=\"_blank\" rel=\"noopener noreferrer\" href=\"https:\/\/sosvirtual-lms.sos-kd.org\/my\/courses.php\/program\/50\"><span class=\"fusion-button-text\">Ya termin\u00e9 el primer curso, ver siguientes cursos<\/span><\/a><\/div><div class=\"fusion-separator fusion-full-width-sep\" style=\"align-self: center;margin-left: auto;margin-right: auto;margin-top:20px;margin-bottom:20px;width:100%;\"><\/div><div class=\"fusion-text fusion-text-5\"><p style=\"text-align: center;\">Si ya completaste el primer curso de la ruta, haz clic aqu\u00ed para continuar con los siguientes m\u00f3dulos y avanzar en tu aprendizaje.<\/p>\n<\/div><div class=\"fusion-separator fusion-full-width-sep\" style=\"align-self: center;margin-left: auto;margin-right: auto;margin-top:20px;margin-bottom:20px;width:100%;\"><div class=\"fusion-separator-border sep-single sep-solid\" style=\"--awb-height:20px;--awb-amount:20px;border-color:#e2e2e2;border-top-width:1px;\"><\/div><\/div><\/div><\/div><\/div><\/div><\/p>\n","protected":false},"excerpt":{"rendered":"","protected":false},"author":1,"featured_media":11793,"menu_order":0,"comment_status":"open","ping_status":"closed","template":"","format":"standard","meta":[],"portfolio_category":[],"portfolio_skills":[],"portfolio_tags":[],"_links":{"self":[{"href":"https:\/\/sosvirtual.aldeasinfantilessos.org\/es\/wp-json\/wp\/v2\/avada_portfolio\/24487"}],"collection":[{"href":"https:\/\/sosvirtual.aldeasinfantilessos.org\/es\/wp-json\/wp\/v2\/avada_portfolio"}],"about":[{"href":"https:\/\/sosvirtual.aldeasinfantilessos.org\/es\/wp-json\/wp\/v2\/types\/avada_portfolio"}],"author":[{"embeddable":true,"href":"https:\/\/sosvirtual.aldeasinfantilessos.org\/es\/wp-json\/wp\/v2\/users\/1"}],"replies":[{"embeddable":true,"href":"https:\/\/sosvirtual.aldeasinfantilessos.org\/es\/wp-json\/wp\/v2\/comments?post=24487"}],"version-history":[{"count":7,"href":"https:\/\/sosvirtual.aldeasinfantilessos.org\/es\/wp-json\/wp\/v2\/avada_portfolio\/24487\/revisions"}],"predecessor-version":[{"id":24546,"href":"https:\/\/sosvirtual.aldeasinfantilessos.org\/es\/wp-json\/wp\/v2\/avada_portfolio\/24487\/revisions\/24546"}],"wp:featuredmedia":[{"embeddable":true,"href":"https:\/\/sosvirtual.aldeasinfantilessos.org\/es\/wp-json\/wp\/v2\/media\/11793"}],"wp:attachment":[{"href":"https:\/\/sosvirtual.aldeasinfantilessos.org\/es\/wp-json\/wp\/v2\/media?parent=24487"}],"wp:term":[{"taxonomy":"portfolio_category","embeddable":true,"href":"https:\/\/sosvirtual.aldeasinfantilessos.org\/es\/wp-json\/wp\/v2\/portfolio_category?post=24487"},{"taxonomy":"portfolio_skills","embeddable":true,"href":"https:\/\/sosvirtual.aldeasinfantilessos.org\/es\/wp-json\/wp\/v2\/portfolio_skills?post=24487"},{"taxonomy":"portfolio_tags","embeddable":true,"href":"https:\/\/sosvirtual.aldeasinfantilessos.org\/es\/wp-json\/wp\/v2\/portfolio_tags?post=24487"}],"curies":[{"name":"wp","href":"https:\/\/api.w.org\/{rel}","templated":true}]}}